{"id":26389,"date":"2022-01-11T15:26:14","date_gmt":"2022-01-11T15:26:14","guid":{"rendered":"https:\/\/www.moulindechaves.org\/staying-at-le-moulin\/"},"modified":"2026-01-05T10:06:17","modified_gmt":"2026-01-05T10:06:17","slug":"sejourner-au-moulin","status":"publish","type":"page","link":"https:\/\/www.moulindechaves.org\/fr\/sejourner-au-moulin\/","title":{"rendered":"S\u00e9journer au Moulin"},"content":{"rendered":"<p>[et_pb_section fb_built=\u00a0\u00bb1&Prime; fullwidth=\u00a0\u00bbon\u00a0\u00bb _builder_version=\u00a0\u00bb4.16&Prime; animation_direction=\u00a0\u00bbtop\u00a0\u00bb global_colors_info=\u00a0\u00bb{}\u00a0\u00bb][et_pb_fullwidth_header title=\u00a0\u00bbBIENVENUE AU MOULIN\u00a0\u00bb text_orientation=\u00a0\u00bbcenter\u00a0\u00bb background_overlay_color=\u00a0\u00bbrgba(255,255,255,0.05)\u00a0\u00bb content_max_width=\u00a0\u00bb700px\u00a0\u00bb _builder_version=\u00a0\u00bb4.16&Prime; title_font=\u00a0\u00bbMulish||||||||\u00a0\u00bb title_text_align=\u00a0\u00bbcenter\u00a0\u00bb title_font_size=\u00a0\u00bb36px\u00a0\u00bb title_letter_spacing=\u00a0\u00bb3px\u00a0\u00bb title_line_height=\u00a0\u00bb2.2em\u00a0\u00bb content_font=\u00a0\u00bb||||||||\u00a0\u00bb content_font_size=\u00a0\u00bb20px\u00a0\u00bb content_line_height=\u00a0\u00bb1.8em\u00a0\u00bb subhead_font=\u00a0\u00bbMulish||||||||\u00a0\u00bb subhead_font_size=\u00a0\u00bb29px\u00a0\u00bb subhead_letter_spacing=\u00a0\u00bb2px\u00a0\u00bb subhead_line_height=\u00a0\u00bb2.5em\u00a0\u00bb background_enable_color=\u00a0\u00bboff\u00a0\u00bb use_background_color_gradient=\u00a0\u00bbon\u00a0\u00bb background_color_gradient_stops=\u00a0\u00bbrgba(0,0,0,0.43) 0%|rgba(255,255,255,0.15) 100%\u00a0\u00bb background_color_gradient_overlays_image=\u00a0\u00bbon\u00a0\u00bb background_color_gradient_start=\u00a0\u00bbrgba(0,0,0,0.43)\u00a0\u00bb background_color_gradient_end=\u00a0\u00bbrgba(255,255,255,0.15)\u00a0\u00bb background_image=\u00a0\u00bbhttps:\/\/moulindechaves.org\/wp-content\/uploads\/2022\/01\/RETREAT-header.jpg\u00a0\u00bb custom_button_one=\u00a0\u00bbon\u00a0\u00bb button_one_text_size=\u00a0\u00bb18px\u00a0\u00bb button_one_bg_color=\u00a0\u00bb#02d002&Prime; button_one_border_width=\u00a0\u00bb8px\u00a0\u00bb button_one_border_color=\u00a0\u00bb#02d002&Prime; button_one_border_radius=\u00a0\u00bb0px\u00a0\u00bb button_one_letter_spacing=\u00a0\u00bb1px\u00a0\u00bb button_one_font=\u00a0\u00bbLato|700|||||||\u00a0\u00bb button_one_use_icon=\u00a0\u00bboff\u00a0\u00bb custom_button_two=\u00a0\u00bbon\u00a0\u00bb button_two_text_size=\u00a0\u00bb18px\u00a0\u00bb button_two_text_color=\u00a0\u00bb#353740&Prime; button_two_bg_color=\u00a0\u00bb#ffffff\u00a0\u00bb button_two_border_width=\u00a0\u00bb8px\u00a0\u00bb button_two_border_color=\u00a0\u00bb#ffffff\u00a0\u00bb button_two_border_radius=\u00a0\u00bb0px\u00a0\u00bb button_two_letter_spacing=\u00a0\u00bb1px\u00a0\u00bb button_two_font=\u00a0\u00bbLato|700|||||||\u00a0\u00bb button_two_use_icon=\u00a0\u00bboff\u00a0\u00bb custom_padding=\u00a0\u00bb10%||10%||false|true\u00a0\u00bb custom_padding_tablet=\u00a0\u00bb10%||10%||false|true\u00a0\u00bb custom_padding_phone=\u00a0\u00bb10%||10%||true|true\u00a0\u00bb custom_padding_last_edited=\u00a0\u00bbon|desktop\u00a0\u00bb title_font_size_tablet=\u00a0\u00bb36px\u00a0\u00bb title_font_size_phone=\u00a0\u00bb29px\u00a0\u00bb title_font_size_last_edited=\u00a0\u00bbon|phone\u00a0\u00bb title_line_height_tablet=\u00a0\u00bb1.2em\u00a0\u00bb title_line_height_phone=\u00a0\u00bb1.3em\u00a0\u00bb title_line_height_last_edited=\u00a0\u00bbon|phone\u00a0\u00bb title_text_shadow_style=\u00a0\u00bbpreset3&Prime; title_text_shadow_color=\u00a0\u00bbrgba(0,0,0,0.95)\u00a0\u00bb content_text_shadow_style=\u00a0\u00bbpreset1&Prime; subhead_text_shadow_style=\u00a0\u00bbpreset3&Prime; subhead_text_shadow_color=\u00a0\u00bb#000000&Prime; button_one_letter_spacing_hover=\u00a0\u00bb1px\u00a0\u00bb button_two_letter_spacing_hover=\u00a0\u00bb1px\u00a0\u00bb global_colors_info=\u00a0\u00bb{}\u00a0\u00bb button_one_text_size__hover_enabled=\u00a0\u00bboff\u00a0\u00bb button_one_text_size__hover=\u00a0\u00bbnull\u00a0\u00bb button_two_text_size__hover_enabled=\u00a0\u00bboff\u00a0\u00bb button_two_text_size__hover=\u00a0\u00bbnull\u00a0\u00bb button_one_text_color__hover_enabled=\u00a0\u00bboff\u00a0\u00bb button_one_text_color__hover=\u00a0\u00bbnull\u00a0\u00bb button_two_text_color__hover_enabled=\u00a0\u00bboff\u00a0\u00bb button_two_text_color__hover=\u00a0\u00bbnull\u00a0\u00bb button_one_border_width__hover_enabled=\u00a0\u00bboff\u00a0\u00bb button_one_border_width__hover=\u00a0\u00bbnull\u00a0\u00bb button_two_border_width__hover_enabled=\u00a0\u00bboff\u00a0\u00bb button_two_border_width__hover=\u00a0\u00bbnull\u00a0\u00bb button_one_border_color__hover_enabled=\u00a0\u00bboff\u00a0\u00bb button_one_border_color__hover=\u00a0\u00bbnull\u00a0\u00bb button_two_border_color__hover_enabled=\u00a0\u00bboff\u00a0\u00bb button_two_border_color__hover=\u00a0\u00bbnull\u00a0\u00bb button_one_border_radius__hover_enabled=\u00a0\u00bboff\u00a0\u00bb button_one_border_radius__hover=\u00a0\u00bbnull\u00a0\u00bb button_two_border_radius__hover_enabled=\u00a0\u00bboff\u00a0\u00bb button_two_border_radius__hover=\u00a0\u00bbnull\u00a0\u00bb button_one_letter_spacing__hover_enabled=\u00a0\u00bbon\u00a0\u00bb button_one_letter_spacing__hover=\u00a0\u00bb1px\u00a0\u00bb button_two_letter_spacing__hover_enabled=\u00a0\u00bbon\u00a0\u00bb button_two_letter_spacing__hover=\u00a0\u00bb1px\u00a0\u00bb button_one_bg_color__hover_enabled=\u00a0\u00bboff\u00a0\u00bb button_one_bg_color__hover=\u00a0\u00bbnull\u00a0\u00bb button_two_bg_color__hover_enabled=\u00a0\u00bboff\u00a0\u00bb button_two_bg_color__hover=\u00a0\u00bbnull\u00a0\u00bb]<\/p>\n<p><em>Descendez ou cliquez sur les liens ci-dessous pour en savoir plus sur votre s\u00e9jour<\/em><\/p>\n<p>[\/et_pb_fullwidth_header][\/et_pb_section][et_pb_section fb_built=\u00a0\u00bb1&Prime; _builder_version=\u00a0\u00bb4.16&Prime; _module_preset=\u00a0\u00bbdefault\u00a0\u00bb background_color=\u00a0\u00bbrgba(0,33,224,0.11)\u00a0\u00bb custom_padding=\u00a0\u00bb30px||0px||false|false\u00a0\u00bb global_colors_info=\u00a0\u00bb{}\u00a0\u00bb][et_pb_row column_structure=\u00a0\u00bb1_5,3_5,1_5&Prime; use_custom_gutter=\u00a0\u00bbon\u00a0\u00bb gutter_width=\u00a0\u00bb1&Prime; _builder_version=\u00a0\u00bb4.16&Prime; _module_preset=\u00a0\u00bbdefault\u00a0\u00bb width=\u00a0\u00bb100%\u00a0\u00bb custom_padding=\u00a0\u00bb0px||||false|false\u00a0\u00bb global_colors_info=\u00a0\u00bb{}\u00a0\u00bb][et_pb_column type=\u00a0\u00bb1_5&Prime; _builder_version=\u00a0\u00bb4.16&Prime; _module_preset=\u00a0\u00bbdefault\u00a0\u00bb global_colors_info=\u00a0\u00bb{}\u00a0\u00bb][\/et_pb_column][et_pb_column type=\u00a0\u00bb3_5&Prime; _builder_version=\u00a0\u00bb4.16&Prime; _module_preset=\u00a0\u00bbdefault\u00a0\u00bb background_color=\u00a0\u00bb#FFFFFF\u00a0\u00bb custom_padding=\u00a0\u00bb30px||30px||true|false\u00a0\u00bb border_radii=\u00a0\u00bbon|15px|15px|15px|15px\u00a0\u00bb global_colors_info=\u00a0\u00bb{}\u00a0\u00bb][et_pb_text _builder_version=\u00a0\u00bb4.23&Prime; _module_preset=\u00a0\u00bbdefault\u00a0\u00bb text_font=\u00a0\u00bbMulish||||||||\u00a0\u00bb text_text_color=\u00a0\u00bb#000000&Prime; text_font_size=\u00a0\u00bb19px\u00a0\u00bb text_letter_spacing=\u00a0\u00bb2px\u00a0\u00bb text_line_height=\u00a0\u00bb1em\u00a0\u00bb custom_padding_tablet=\u00a0\u00bb\u00a0\u00bb custom_padding_phone=\u00a0\u00bb|10px||10px|false|true\u00a0\u00bb custom_padding_last_edited=\u00a0\u00bbon|phone\u00a0\u00bb global_colors_info=\u00a0\u00bb{}\u00a0\u00bb]<\/p>\n<p style=\"text-align: center;\"><a href=\"#accommodation\">HEBERGEMENT<\/a><\/p>\n<p style=\"text-align: center;\"><a href=\"#meals\">REPAS<\/a><\/p>\n<p style=\"text-align: center;\"><a href=\"#provide\">CE QUE NOUS FOURNISSONS <\/a><\/p>\n<p style=\"text-align: center;\"><a href=\"#bring\">CE QUE VOUS DEVEZ AMENER<\/a><a href=\"#bring\"><\/a><\/p>\n<p style=\"text-align: center;\"><a href=\"#arrivals\">ARRIV\u00c9ES ET D\u00c9PARTS <\/a><\/p>\n<p style=\"text-align: center;\"><a href=\"#programmes\">PROGRAMMES DE RETRAITE TYPIQUE <\/a><\/p>\n<p style=\"text-align: center;\"><a href=\"#karmayoga\">KARMA YOGA<\/a><\/p>\n<p style=\"text-align: center;\"><a href=\"#guidelines\">CONSIGNES MOULIN<\/a><\/p>\n<p style=\"text-align: center;\"><a href=\"#membership\">ADH\u00c9SION<\/a><\/p>\n<p style=\"text-align: center;\"><a href=\"#travel\">INFORMATION \u00c0 PROPOS DU VOYAGE <\/a><\/p>\n<p>[\/et_pb_text][\/et_pb_column][et_pb_column type=\u00a0\u00bb1_5&Prime; _builder_version=\u00a0\u00bb4.16&Prime; _module_preset=\u00a0\u00bbdefault\u00a0\u00bb global_colors_info=\u00a0\u00bb{}\u00a0\u00bb][\/et_pb_column][\/et_pb_row][\/et_pb_section][et_pb_section fb_built=\u00a0\u00bb1&Prime; custom_padding_last_edited=\u00a0\u00bbon|phone\u00a0\u00bb admin_label=\u00a0\u00bbOur Story Section\u00a0\u00bb _builder_version=\u00a0\u00bb4.16&Prime; background_enable_color=\u00a0\u00bboff\u00a0\u00bb vertical_offset_tablet=\u00a0\u00bb0&Prime; horizontal_offset_tablet=\u00a0\u00bb0&Prime; custom_padding=\u00a0\u00bb25px||25px||true|false\u00a0\u00bb custom_padding_tablet=\u00a0\u00bb25px||25px||true|false\u00a0\u00bb custom_padding_phone=\u00a0\u00bb0px||0px||true|false\u00a0\u00bb box_shadow_horizontal_tablet=\u00a0\u00bb0px\u00a0\u00bb box_shadow_vertical_tablet=\u00a0\u00bb0px\u00a0\u00bb box_shadow_blur_tablet=\u00a0\u00bb40px\u00a0\u00bb box_shadow_spread_tablet=\u00a0\u00bb0px\u00a0\u00bb global_colors_info=\u00a0\u00bb{}\u00a0\u00bb][et_pb_row column_structure=\u00a0\u00bb3_5,2_5&Prime; _builder_version=\u00a0\u00bb4.16&Prime; _module_preset=\u00a0\u00bbdefault\u00a0\u00bb width=\u00a0\u00bb100%\u00a0\u00bb global_colors_info=\u00a0\u00bb{}\u00a0\u00bb][et_pb_column type=\u00a0\u00bb3_5&Prime; _builder_version=\u00a0\u00bb4.16&Prime; _module_preset=\u00a0\u00bbdefault\u00a0\u00bb custom_padding_tablet=\u00a0\u00bb\u00a0\u00bb custom_padding_phone=\u00a0\u00bb|30px||30px|false|true\u00a0\u00bb custom_padding_last_edited=\u00a0\u00bbon|phone\u00a0\u00bb global_colors_info=\u00a0\u00bb{}\u00a0\u00bb][et_pb_text admin_label=\u00a0\u00bbTitle\u00a0\u00bb module_id=\u00a0\u00bbaccommodation\u00a0\u00bb _builder_version=\u00a0\u00bb4.16&Prime; text_font=\u00a0\u00bb||||||||\u00a0\u00bb header_font=\u00a0\u00bb||||||||\u00a0\u00bb header_2_font=\u00a0\u00bbMulish||||||||\u00a0\u00bb header_2_font_size=\u00a0\u00bb23px\u00a0\u00bb header_2_letter_spacing=\u00a0\u00bb1px\u00a0\u00bb header_2_line_height=\u00a0\u00bb1.5em\u00a0\u00bb module_alignment=\u00a0\u00bbcenter\u00a0\u00bb custom_margin=\u00a0\u00bb||15px|\u00a0\u00bb animation_direction=\u00a0\u00bbleft\u00a0\u00bb global_colors_info=\u00a0\u00bb{}\u00a0\u00bb]<\/p>\n<h2><strong>HEBERGEMENT<\/strong><\/h2>\n<p>[\/et_pb_text][et_pb_text _builder_version=\u00a0\u00bb4.18.0&Prime; text_font=\u00a0\u00bb||||||||\u00a0\u00bb text_text_color=\u00a0\u00bb#000000&Prime; text_font_size=\u00a0\u00bb16px\u00a0\u00bb text_line_height=\u00a0\u00bb1.8em\u00a0\u00bb animation_direction=\u00a0\u00bbleft\u00a0\u00bb global_colors_info=\u00a0\u00bb{}\u00a0\u00bb]<\/p>\n<p>Le Moulin offre plusieurs types d\u2019h\u00e9bergements. Les chambres peuvent \u00eatre individuelles ou partag\u00e9es. Le Moulin met aussi \u00e0 disposition des tentes, avec possibilit\u00e9 de venir avec sa propre tente pour certaines retraites.<\/p>\n<p><strong>Chambres<\/strong><\/p>\n<p>Chaque \u00e9tage du b\u00e2timent principal b\u00e9n\u00e9ficie de deux salles de bain et de deux toilettes.<\/p>\n<p>Neuf chambres individuelles sont disponibles pr\u00e8s du Tara Hall.<\/p>\n<p>Nous fournissons le linge de lit ainsi que des serviettes de salle de bains pour toutes les chambres.<\/p>\n<p>Pour plus de photos\u00a0des\u00a0h\u00e9bergements au Moulin, merci de vous rendre\u00a0<a href=\"https:\/\/www.moulindechaves.org\/fr\/galerie\/\" target=\"_blank\" rel=\"noopener\">dans la rubrique Galerie.<\/a><\/p>\n<p>[\/et_pb_text][\/et_pb_column][et_pb_column type=\u00a0\u00bb2_5&Prime; _builder_version=\u00a0\u00bb4.16&Prime; _module_preset=\u00a0\u00bbdefault\u00a0\u00bb global_colors_info=\u00a0\u00bb{}\u00a0\u00bb][et_pb_image src=\u00a0\u00bbhttps:\/\/moulindechaves.org\/wp-content\/uploads\/2022\/01\/single-room.jpg\u00a0\u00bb title_text=\u00a0\u00bbsingle-room\u00a0\u00bb align_tablet=\u00a0\u00bbcenter\u00a0\u00bb align_phone=\u00a0\u00bb\u00a0\u00bb align_last_edited=\u00a0\u00bbon|desktop\u00a0\u00bb _builder_version=\u00a0\u00bb4.16&Prime; custom_padding_tablet=\u00a0\u00bb\u00a0\u00bb custom_padding_phone=\u00a0\u00bb\u00a0\u00bb custom_padding_last_edited=\u00a0\u00bbon|phone\u00a0\u00bb global_colors_info=\u00a0\u00bb{}\u00a0\u00bb][\/et_pb_image][\/et_pb_column][\/et_pb_row][\/et_pb_section][et_pb_section fb_built=\u00a0\u00bb1&Prime; custom_padding_last_edited=\u00a0\u00bbon|phone\u00a0\u00bb _builder_version=\u00a0\u00bb4.16&Prime; _module_preset=\u00a0\u00bbdefault\u00a0\u00bb background_color=\u00a0\u00bbrgba(214,214,214,0.41)\u00a0\u00bb custom_padding_tablet=\u00a0\u00bb\u00a0\u00bb custom_padding_phone=\u00a0\u00bb0px||0px||false|false\u00a0\u00bb global_colors_info=\u00a0\u00bb{}\u00a0\u00bb][et_pb_row column_structure=\u00a0\u00bb2_5,3_5&Prime; _builder_version=\u00a0\u00bb4.16&Prime; _module_preset=\u00a0\u00bbdefault\u00a0\u00bb width=\u00a0\u00bb100%\u00a0\u00bb global_colors_info=\u00a0\u00bb{}\u00a0\u00bb][et_pb_column type=\u00a0\u00bb2_5&Prime; _builder_version=\u00a0\u00bb4.16&Prime; _module_preset=\u00a0\u00bbdefault\u00a0\u00bb global_colors_info=\u00a0\u00bb{}\u00a0\u00bb][et_pb_image src=\u00a0\u00bbhttps:\/\/moulindechaves.org\/wp-content\/uploads\/2022\/01\/tent.jpg\u00a0\u00bb title_text=\u00a0\u00bbtent\u00a0\u00bb align_tablet=\u00a0\u00bbcenter\u00a0\u00bb align_phone=\u00a0\u00bb\u00a0\u00bb align_last_edited=\u00a0\u00bbon|desktop\u00a0\u00bb _builder_version=\u00a0\u00bb4.16&Prime; global_colors_info=\u00a0\u00bb{}\u00a0\u00bb][\/et_pb_image][\/et_pb_column][et_pb_column type=\u00a0\u00bb3_5&Prime; _builder_version=\u00a0\u00bb4.16&Prime; _module_preset=\u00a0\u00bbdefault\u00a0\u00bb custom_padding_tablet=\u00a0\u00bb\u00a0\u00bb custom_padding_phone=\u00a0\u00bb|30px||30px|false|true\u00a0\u00bb custom_padding_last_edited=\u00a0\u00bbon|phone\u00a0\u00bb global_colors_info=\u00a0\u00bb{}\u00a0\u00bb][et_pb_text _builder_version=\u00a0\u00bb4.16&Prime; text_font=\u00a0\u00bb||||||||\u00a0\u00bb text_text_color=\u00a0\u00bb#000000&Prime; text_font_size=\u00a0\u00bb16px\u00a0\u00bb text_line_height=\u00a0\u00bb1.8em\u00a0\u00bb animation_direction=\u00a0\u00bbleft\u00a0\u00bb global_colors_info=\u00a0\u00bb{}\u00a0\u00bb]<\/p>\n<p><strong>Les tentes du Moulin<br \/><\/strong>Si vous choisissez de rester dans une tente du Moulin, nous vous fournirons tout le n\u00e9cessaire. Un lit (oui, un lit\u00a0!), un oreiller, une couette, des lumi\u00e8res, serviettes de bain, tapis, et tout ce qu\u2019il faut pour que cela soit confortable. Les tentes disposent aussi d\u2019un espace pour ranger vos affaires et bagages.<\/p>\n<p><strong>Camper avec votre propre tente <br \/><\/strong>Si la retraite que vous choisissez offre l\u2019option de camper dans votre propre tente, vous devrez amener tout ce qui vous semble n\u00e9cessaire tels que lumi\u00e8res, duvet bien chaud, serviettes de bain etc. Comme la m\u00e9t\u00e9o peut \u00eatre changeante, nous vous conseillons fortement d\u2019amener de quoi vous pr\u00e9server des conditions m\u00e9t\u00e9orologiques (fortes pluies\/orages, temp\u00e9rature froide la nuit\u2026).<\/p>\n<p>[\/et_pb_text][\/et_pb_column][\/et_pb_row][\/et_pb_section][et_pb_section fb_built=\u00a0\u00bb1&Prime; custom_padding_last_edited=\u00a0\u00bbon|phone\u00a0\u00bb admin_label=\u00a0\u00bbOur Story Section\u00a0\u00bb _builder_version=\u00a0\u00bb4.16&Prime; background_enable_color=\u00a0\u00bboff\u00a0\u00bb vertical_offset_tablet=\u00a0\u00bb0&Prime; horizontal_offset_tablet=\u00a0\u00bb0&Prime; custom_padding=\u00a0\u00bb25px||25px||true|false\u00a0\u00bb custom_padding_tablet=\u00a0\u00bb25px||25px||true|false\u00a0\u00bb custom_padding_phone=\u00a0\u00bb0px||0px||true|false\u00a0\u00bb box_shadow_horizontal_tablet=\u00a0\u00bb0px\u00a0\u00bb box_shadow_vertical_tablet=\u00a0\u00bb0px\u00a0\u00bb box_shadow_blur_tablet=\u00a0\u00bb40px\u00a0\u00bb box_shadow_spread_tablet=\u00a0\u00bb0px\u00a0\u00bb global_colors_info=\u00a0\u00bb{}\u00a0\u00bb][et_pb_row column_structure=\u00a0\u00bb3_5,2_5&Prime; _builder_version=\u00a0\u00bb4.16&Prime; _module_preset=\u00a0\u00bbdefault\u00a0\u00bb width=\u00a0\u00bb100%\u00a0\u00bb global_colors_info=\u00a0\u00bb{}\u00a0\u00bb][et_pb_column type=\u00a0\u00bb3_5&Prime; _builder_version=\u00a0\u00bb4.16&Prime; _module_preset=\u00a0\u00bbdefault\u00a0\u00bb custom_padding_tablet=\u00a0\u00bb\u00a0\u00bb custom_padding_phone=\u00a0\u00bb|30px||30px|false|true\u00a0\u00bb custom_padding_last_edited=\u00a0\u00bbon|phone\u00a0\u00bb global_colors_info=\u00a0\u00bb{}\u00a0\u00bb][et_pb_text admin_label=\u00a0\u00bbTitle\u00a0\u00bb module_id=\u00a0\u00bbmeals\u00a0\u00bb _builder_version=\u00a0\u00bb4.16&Prime; text_font=\u00a0\u00bb||||||||\u00a0\u00bb header_font=\u00a0\u00bb||||||||\u00a0\u00bb header_2_font=\u00a0\u00bbMulish||||||||\u00a0\u00bb header_2_font_size=\u00a0\u00bb23px\u00a0\u00bb header_2_letter_spacing=\u00a0\u00bb2px\u00a0\u00bb header_2_line_height=\u00a0\u00bb1.5em\u00a0\u00bb module_alignment=\u00a0\u00bbcenter\u00a0\u00bb custom_margin=\u00a0\u00bb||15px|\u00a0\u00bb animation_direction=\u00a0\u00bbleft\u00a0\u00bb global_colors_info=\u00a0\u00bb{}\u00a0\u00bb]<\/p>\n<h2><strong>REPAS<\/strong><\/h2>\n<p>[\/et_pb_text][et_pb_text _builder_version=\u00a0\u00bb4.19.2&Prime; text_font=\u00a0\u00bb||||||||\u00a0\u00bb text_text_color=\u00a0\u00bb#000000&Prime; text_font_size=\u00a0\u00bb16px\u00a0\u00bb text_line_height=\u00a0\u00bb1.8em\u00a0\u00bb animation_direction=\u00a0\u00bbleft\u00a0\u00bb global_colors_info=\u00a0\u00bb{}\u00a0\u00bb]<\/p>\n<p>Durant votre s\u00e9jour au Moulin, nous vous proposerons trois repas vegan\/v\u00e9g\u00e9tariens, nutritionnellement \u00e9quilibr\u00e9s et sains. Nous nous effor\u00e7ons d\u2019utiliser tant que possible des aliments et ingr\u00e9dients issus de l\u2019agriculture biologique et\/ou locale. Tous les repas sont servis dehors, \u00e0 la mani\u00e8re d\u2019un buffet. Le repas principal de la journ\u00e9e est le d\u00e9jeuner. Un repas plus l\u00e9ger est servi le soir, il est compos\u00e9 de soupe et de tartines. Pour ceux qui b\u00e9n\u00e9ficient d\u2019un r\u00e9gime alimentaire sp\u00e9cifique, vous pouvez en faire la demande dans un espace r\u00e9serv\u00e9 \u00e0 cela lors de la r\u00e9servation. \u00a0Vous pouvez apportez vos propres aliments si besoin.<\/p>\n<p><span>Des boissons chaudes sont \u00e0 disposition toute la journ\u00e9e.<\/span><\/p>\n<p><span>Tous les repas sont inclus dans le prix que vous payez \u00e0 la r\u00e9servation qui est tout-compris.\u00a0 Les plats contenant du gluten, des produits laitiers et des \u0153ufs sont servis s\u00e9par\u00e9ment.<\/span><\/p>\n<p>[\/et_pb_text][\/et_pb_column][et_pb_column type=\u00a0\u00bb2_5&Prime; _builder_version=\u00a0\u00bb4.16&Prime; _module_preset=\u00a0\u00bbdefault\u00a0\u00bb global_colors_info=\u00a0\u00bb{}\u00a0\u00bb][et_pb_image src=\u00a0\u00bbhttps:\/\/moulindechaves.org\/wp-content\/uploads\/2022\/01\/buffet.jpg\u00a0\u00bb title_text=\u00a0\u00bbbuffet\u00a0\u00bb align_tablet=\u00a0\u00bbcenter\u00a0\u00bb align_phone=\u00a0\u00bb\u00a0\u00bb align_last_edited=\u00a0\u00bbon|desktop\u00a0\u00bb _builder_version=\u00a0\u00bb4.16&Prime; global_colors_info=\u00a0\u00bb{}\u00a0\u00bb][\/et_pb_image][\/et_pb_column][\/et_pb_row][\/et_pb_section][et_pb_section fb_built=\u00a0\u00bb1&Prime; custom_padding_last_edited=\u00a0\u00bbon|phone\u00a0\u00bb _builder_version=\u00a0\u00bb4.16&Prime; _module_preset=\u00a0\u00bbdefault\u00a0\u00bb background_color=\u00a0\u00bbrgba(214,214,214,0.41)\u00a0\u00bb custom_padding_tablet=\u00a0\u00bb\u00a0\u00bb custom_padding_phone=\u00a0\u00bb0px||0px||false|false\u00a0\u00bb global_colors_info=\u00a0\u00bb{}\u00a0\u00bb][et_pb_row column_structure=\u00a0\u00bb2_5,3_5&Prime; _builder_version=\u00a0\u00bb4.16&Prime; _module_preset=\u00a0\u00bbdefault\u00a0\u00bb width=\u00a0\u00bb100%\u00a0\u00bb global_colors_info=\u00a0\u00bb{}\u00a0\u00bb][et_pb_column type=\u00a0\u00bb2_5&Prime; _builder_version=\u00a0\u00bb4.16&Prime; _module_preset=\u00a0\u00bbdefault\u00a0\u00bb global_colors_info=\u00a0\u00bb{}\u00a0\u00bb][et_pb_image src=\u00a0\u00bbhttps:\/\/moulindechaves.org\/wp-content\/uploads\/2022\/01\/provide.jpg\u00a0\u00bb title_text=\u00a0\u00bbprovide\u00a0\u00bb align_tablet=\u00a0\u00bbcenter\u00a0\u00bb align_phone=\u00a0\u00bb\u00a0\u00bb align_last_edited=\u00a0\u00bbon|desktop\u00a0\u00bb _builder_version=\u00a0\u00bb4.16&Prime; global_colors_info=\u00a0\u00bb{}\u00a0\u00bb][\/et_pb_image][\/et_pb_column][et_pb_column type=\u00a0\u00bb3_5&Prime; _builder_version=\u00a0\u00bb4.16&Prime; _module_preset=\u00a0\u00bbdefault\u00a0\u00bb custom_padding_tablet=\u00a0\u00bb\u00a0\u00bb custom_padding_phone=\u00a0\u00bb|30px||30px|false|true\u00a0\u00bb custom_padding_last_edited=\u00a0\u00bbon|phone\u00a0\u00bb global_colors_info=\u00a0\u00bb{}\u00a0\u00bb][et_pb_text admin_label=\u00a0\u00bbTitle\u00a0\u00bb module_id=\u00a0\u00bbprovide\u00a0\u00bb _builder_version=\u00a0\u00bb4.16&Prime; text_font=\u00a0\u00bb||||||||\u00a0\u00bb header_font=\u00a0\u00bb||||||||\u00a0\u00bb header_2_font=\u00a0\u00bbMulish||||||||\u00a0\u00bb header_2_font_size=\u00a0\u00bb23px\u00a0\u00bb header_2_letter_spacing=\u00a0\u00bb2px\u00a0\u00bb header_2_line_height=\u00a0\u00bb1.5em\u00a0\u00bb module_alignment=\u00a0\u00bbcenter\u00a0\u00bb custom_margin=\u00a0\u00bb||15px|\u00a0\u00bb animation_direction=\u00a0\u00bbleft\u00a0\u00bb global_colors_info=\u00a0\u00bb{}\u00a0\u00bb]<\/p>\n<h2><strong>CE QUE NOUS FOURNISSONS<\/strong><\/h2>\n<p>[\/et_pb_text][et_pb_text _builder_version=\u00a0\u00bb4.16&Prime; text_font=\u00a0\u00bb||||||||\u00a0\u00bb text_text_color=\u00a0\u00bb#000000&Prime; text_font_size=\u00a0\u00bb16px\u00a0\u00bb text_line_height=\u00a0\u00bb1.8em\u00a0\u00bb animation_direction=\u00a0\u00bbleft\u00a0\u00bb global_colors_info=\u00a0\u00bb{}\u00a0\u00bb]<\/p>\n<p>De la m\u00eame fa\u00e7on que nous fournissons draps de lit et de bain pour les chambres et les tentes du Moulin, nous mettons \u00e0 votre disposition les tapis de m\u00e9ditation, coussins de m\u00e9ditations, chaises et ch\u00e2les.<\/p>\n<p>Nous avons suffisamment de tapis de yoga pour 30 personnes et une trentaine de traversins. Nous ne fournissons pas d\u2019autres accessoires de yoga.<\/p>\n<p>[\/et_pb_text][\/et_pb_column][\/et_pb_row][\/et_pb_section][et_pb_section fb_built=\u00a0\u00bb1&Prime; custom_padding_last_edited=\u00a0\u00bbon|phone\u00a0\u00bb admin_label=\u00a0\u00bbOur Story Section\u00a0\u00bb _builder_version=\u00a0\u00bb4.16&Prime; background_color=\u00a0\u00bb#FFFFFF\u00a0\u00bb vertical_offset_tablet=\u00a0\u00bb0&Prime; horizontal_offset_tablet=\u00a0\u00bb0&Prime; custom_padding=\u00a0\u00bb25px||25px||true|false\u00a0\u00bb custom_padding_tablet=\u00a0\u00bb25px||25px||true|false\u00a0\u00bb custom_padding_phone=\u00a0\u00bb0px||0px||true|false\u00a0\u00bb box_shadow_horizontal_tablet=\u00a0\u00bb0px\u00a0\u00bb box_shadow_vertical_tablet=\u00a0\u00bb0px\u00a0\u00bb box_shadow_blur_tablet=\u00a0\u00bb40px\u00a0\u00bb box_shadow_spread_tablet=\u00a0\u00bb0px\u00a0\u00bb global_colors_info=\u00a0\u00bb{}\u00a0\u00bb][et_pb_row column_structure=\u00a0\u00bb3_5,2_5&Prime; _builder_version=\u00a0\u00bb4.27.4&Prime; _module_preset=\u00a0\u00bbdefault\u00a0\u00bb width=\u00a0\u00bb100%\u00a0\u00bb global_colors_info=\u00a0\u00bb{}\u00a0\u00bb][et_pb_column type=\u00a0\u00bb3_5&Prime; _builder_version=\u00a0\u00bb4.16&Prime; _module_preset=\u00a0\u00bbdefault\u00a0\u00bb custom_padding_tablet=\u00a0\u00bb\u00a0\u00bb custom_padding_phone=\u00a0\u00bb|30px||30px|false|true\u00a0\u00bb custom_padding_last_edited=\u00a0\u00bbon|phone\u00a0\u00bb global_colors_info=\u00a0\u00bb{}\u00a0\u00bb][et_pb_text admin_label=\u00a0\u00bbTitle\u00a0\u00bb module_id=\u00a0\u00bbbring\u00a0\u00bb _builder_version=\u00a0\u00bb4.16&Prime; text_font=\u00a0\u00bb||||||||\u00a0\u00bb header_font=\u00a0\u00bb||||||||\u00a0\u00bb header_2_font=\u00a0\u00bbMulish||||||||\u00a0\u00bb header_2_font_size=\u00a0\u00bb23px\u00a0\u00bb header_2_letter_spacing=\u00a0\u00bb2px\u00a0\u00bb header_2_line_height=\u00a0\u00bb1.5em\u00a0\u00bb module_alignment=\u00a0\u00bbcenter\u00a0\u00bb custom_margin=\u00a0\u00bb||15px|\u00a0\u00bb animation_direction=\u00a0\u00bbleft\u00a0\u00bb global_colors_info=\u00a0\u00bb{}\u00a0\u00bb]<\/p>\n<h2><strong>CE QUE VOUS DEVEZ AMENER\u00a0<\/strong><\/h2>\n<p>[\/et_pb_text][et_pb_text _builder_version=\u00a0\u00bb4.16&Prime; _module_preset=\u00a0\u00bbdefault\u00a0\u00bb text_text_color=\u00a0\u00bb#000000&Prime; text_font_size=\u00a0\u00bb16px\u00a0\u00bb text_line_height=\u00a0\u00bb2em\u00a0\u00bb width=\u00a0\u00bb100%\u00a0\u00bb max_width=\u00a0\u00bb100%\u00a0\u00bb custom_padding=\u00a0\u00bb0px|||||\u00a0\u00bb global_colors_info=\u00a0\u00bb{}\u00a0\u00bb]<\/p>\n<p>\u2022Veuillez porter des v\u00eatements modestes, amples et confortables.<\/p>\n<p>La salle de m\u00e9ditation est un lieu de pratique consacr\u00e9, avec certains protocoles bouddhistes. Dans la salle, veuillez porter des v\u00eatements amples et modestes couvrant les \u00e9paules et les cuisses.<\/p>\n<p>\u2022 Vos propres affaires de toilettes (savon compris)<br \/>\u2022 Des chaussons ou chaussures d\u2019int\u00e9rieur pour le b\u00e2timent principal\u00a0o\u00f9 les repas sont servis<br \/>\u2022 Un adaptateur secteur pour l\u2019Union europ\u00e9enne (si besoin)<br \/>\u2022 Des v\u00eatements pour le froid et des v\u00eatements pour la chaleur<br \/>\u2022 Un r\u00e9veil qui ne soit pas un t\u00e9l\u00e9phone (afin d\u2019aider \u00e0 limiter les distractions\u00a0!)<br \/>\u2022 Une prise \u00e9lectrique europ\u00e9enne (si besoin)<br \/>\u2022 Si vous campez dans votre tente, tout mat\u00e9riel et \u00e9quipements n\u00e9cessaires (serviettes et affaires de toilettes)<br \/>\u2022 Un r\u00e9pulsif pour moustiques<\/p>\n<p>\u2022 Une lampe de poche ou une lampe frontal<br \/>\u2022 Une bouteille d\u2019eau ou un thermos. Seuls les r\u00e9cipients pouvant ferm\u00e9s sont accept\u00e9s dans le Tara Hall.<\/p>\n<p>[\/et_pb_text][\/et_pb_column][et_pb_column type=\u00a0\u00bb2_5&Prime; _builder_version=\u00a0\u00bb4.16&Prime; _module_preset=\u00a0\u00bbdefault\u00a0\u00bb global_colors_info=\u00a0\u00bb{}\u00a0\u00bb][et_pb_image src=\u00a0\u00bbhttps:\/\/moulindechaves.org\/wp-content\/uploads\/2022\/01\/yoga-outside.jpg\u00a0\u00bb title_text=\u00a0\u00bbyoga-outside\u00a0\u00bb _builder_version=\u00a0\u00bb4.16&Prime; _module_preset=\u00a0\u00bbdefault\u00a0\u00bb global_colors_info=\u00a0\u00bb{}\u00a0\u00bb][\/et_pb_image][\/et_pb_column][\/et_pb_row][\/et_pb_section][et_pb_section fb_built=\u00a0\u00bb1&Prime; custom_padding_last_edited=\u00a0\u00bbon|phone\u00a0\u00bb admin_label=\u00a0\u00bbOur Story Section\u00a0\u00bb _builder_version=\u00a0\u00bb4.23&Prime; background_color=\u00a0\u00bbrgba(0,0,0,0.06)\u00a0\u00bb vertical_offset_tablet=\u00a0\u00bb0&Prime; horizontal_offset_tablet=\u00a0\u00bb0&Prime; custom_padding=\u00a0\u00bb25px||25px||true|false\u00a0\u00bb custom_padding_tablet=\u00a0\u00bb25px||25px||true|false\u00a0\u00bb custom_padding_phone=\u00a0\u00bb0px||0px||true|false\u00a0\u00bb box_shadow_horizontal_tablet=\u00a0\u00bb0px\u00a0\u00bb box_shadow_vertical_tablet=\u00a0\u00bb0px\u00a0\u00bb box_shadow_blur_tablet=\u00a0\u00bb40px\u00a0\u00bb box_shadow_spread_tablet=\u00a0\u00bb0px\u00a0\u00bb global_colors_info=\u00a0\u00bb{}\u00a0\u00bb][et_pb_row column_structure=\u00a0\u00bb3_5,2_5&Prime; _builder_version=\u00a0\u00bb4.16&Prime; _module_preset=\u00a0\u00bbdefault\u00a0\u00bb width=\u00a0\u00bb100%\u00a0\u00bb global_colors_info=\u00a0\u00bb{}\u00a0\u00bb][et_pb_column type=\u00a0\u00bb3_5&Prime; _builder_version=\u00a0\u00bb4.16&Prime; _module_preset=\u00a0\u00bbdefault\u00a0\u00bb custom_padding_tablet=\u00a0\u00bb\u00a0\u00bb custom_padding_phone=\u00a0\u00bb|30px||30px|false|true\u00a0\u00bb custom_padding_last_edited=\u00a0\u00bbon|phone\u00a0\u00bb global_colors_info=\u00a0\u00bb{}\u00a0\u00bb][et_pb_text admin_label=\u00a0\u00bbTitle\u00a0\u00bb module_id=\u00a0\u00bbarrivals\u00a0\u00bb _builder_version=\u00a0\u00bb4.16&Prime; text_font=\u00a0\u00bb||||||||\u00a0\u00bb header_font=\u00a0\u00bb||||||||\u00a0\u00bb header_2_font=\u00a0\u00bbMulish||||||||\u00a0\u00bb header_2_font_size=\u00a0\u00bb23px\u00a0\u00bb header_2_letter_spacing=\u00a0\u00bb2px\u00a0\u00bb header_2_line_height=\u00a0\u00bb1.5em\u00a0\u00bb module_alignment=\u00a0\u00bbcenter\u00a0\u00bb custom_margin=\u00a0\u00bb||15px|\u00a0\u00bb animation_direction=\u00a0\u00bbleft\u00a0\u00bb global_colors_info=\u00a0\u00bb{}\u00a0\u00bb]<\/p>\n<h2><strong>ARRIV\u00c9ES ET D\u00c9PARTS<\/strong><\/h2>\n<p>[\/et_pb_text][et_pb_text _builder_version=\u00a0\u00bb4.24.0&Prime; text_font=\u00a0\u00bb||||||||\u00a0\u00bb text_text_color=\u00a0\u00bb#000000&Prime; text_font_size=\u00a0\u00bb16px\u00a0\u00bb text_line_height=\u00a0\u00bb1.8em\u00a0\u00bb animation_direction=\u00a0\u00bbleft\u00a0\u00bb global_colors_info=\u00a0\u00bb{}\u00a0\u00bb]<\/p>\n<p>Sauf indication contraire pour votre groupe, vous trouverez ci-dessous les heures d&rsquo;arriv\u00e9e et de d\u00e9part standard.<\/p>\n<p>Merci d\u2019arriver entre 14h00 et 19h00, pas plus t\u00f4t.\u00a0 Si vous arrivez plus tard, merci d\u2019en informer l\u2019accueil. Nous laisserons un mot sur le tableau pr\u00e9vu \u00e0 cet effet dans le hall du b\u00e2timent principal, o\u00f9 vous trouverez les informations n\u00e9cessaires \u00e0 votre arriv\u00e9e.<\/p>\n<p><span style=\"font-size: 16px;\">Les d\u00e9parts<span>\u00a0se font le dernier jour de votre retraite, pas le lendemain.<\/span><\/span><\/p>\n<p><span>La derni\u00e8re s\u00e9ance se termine d&rsquo;habitude vers 12h. \u00a0Nous vous demandons de lib\u00e9rer votre chambre avant 10h00 et vous pouvez rester pour le d\u00e9jeuner \u00e0 12h30. Nous vous demandons de quitter la propri\u00e9t\u00e9 avant 14h00.<\/span><\/p>\n<p><span>Il n&rsquo;est pas possible d&rsquo;arriver plus t\u00f4t ou de rester plus tard que vos dates de retraite, sauf si vous assistez \u00e0 une autre retraite.<\/span><\/p>\n<p>[\/et_pb_text][\/et_pb_column][et_pb_column type=\u00a0\u00bb2_5&Prime; _builder_version=\u00a0\u00bb4.16&Prime; _module_preset=\u00a0\u00bbdefault\u00a0\u00bb global_colors_info=\u00a0\u00bb{}\u00a0\u00bb][et_pb_image src=\u00a0\u00bbhttps:\/\/moulindechaves.org\/wp-content\/uploads\/2022\/01\/house.jpg\u00a0\u00bb title_text=\u00a0\u00bbhouse\u00a0\u00bb align_tablet=\u00a0\u00bbcenter\u00a0\u00bb align_phone=\u00a0\u00bb\u00a0\u00bb align_last_edited=\u00a0\u00bbon|desktop\u00a0\u00bb _builder_version=\u00a0\u00bb4.16&Prime; global_colors_info=\u00a0\u00bb{}\u00a0\u00bb][\/et_pb_image][\/et_pb_column][\/et_pb_row][\/et_pb_section][et_pb_section fb_built=\u00a0\u00bb1&Prime; custom_padding_last_edited=\u00a0\u00bbon|phone\u00a0\u00bb module_id=\u00a0\u00bbprogrammes\u00a0\u00bb _builder_version=\u00a0\u00bb4.23&Prime; _module_preset=\u00a0\u00bbdefault\u00a0\u00bb background_color=\u00a0\u00bb#FFFFFF\u00a0\u00bb custom_padding_tablet=\u00a0\u00bb\u00a0\u00bb custom_padding_phone=\u00a0\u00bb0px||0px||false|false\u00a0\u00bb global_colors_info=\u00a0\u00bb{}\u00a0\u00bb][et_pb_row column_structure=\u00a0\u00bb2_5,3_5&Prime; _builder_version=\u00a0\u00bb4.16&Prime; _module_preset=\u00a0\u00bbdefault\u00a0\u00bb width=\u00a0\u00bb100%\u00a0\u00bb global_colors_info=\u00a0\u00bb{}\u00a0\u00bb][et_pb_column type=\u00a0\u00bb2_5&Prime; _builder_version=\u00a0\u00bb4.16&Prime; _module_preset=\u00a0\u00bbdefault\u00a0\u00bb global_colors_info=\u00a0\u00bb{}\u00a0\u00bb][et_pb_image src=\u00a0\u00bbhttps:\/\/www.moulindechaves.org\/wp-content\/uploads\/2022\/01\/meditation.jpg\u00a0\u00bb title_text=\u00a0\u00bbmeditation\u00a0\u00bb align_tablet=\u00a0\u00bbcenter\u00a0\u00bb align_phone=\u00a0\u00bb\u00a0\u00bb align_last_edited=\u00a0\u00bbon|desktop\u00a0\u00bb _builder_version=\u00a0\u00bb4.17.3&Prime; global_colors_info=\u00a0\u00bb{}\u00a0\u00bb][\/et_pb_image][\/et_pb_column][et_pb_column type=\u00a0\u00bb3_5&Prime; _builder_version=\u00a0\u00bb4.16&Prime; _module_preset=\u00a0\u00bbdefault\u00a0\u00bb custom_padding_tablet=\u00a0\u00bb\u00a0\u00bb custom_padding_phone=\u00a0\u00bb|30px||30px|false|true\u00a0\u00bb custom_padding_last_edited=\u00a0\u00bbon|phone\u00a0\u00bb global_colors_info=\u00a0\u00bb{}\u00a0\u00bb][et_pb_text admin_label=\u00a0\u00bbTitle\u00a0\u00bb module_id=\u00a0\u00bbkarmayoga\u00a0\u00bb _builder_version=\u00a0\u00bb4.17.2&Prime; text_font=\u00a0\u00bb||||||||\u00a0\u00bb header_font=\u00a0\u00bb||||||||\u00a0\u00bb header_2_font=\u00a0\u00bbMulish||||||||\u00a0\u00bb header_2_font_size=\u00a0\u00bb23px\u00a0\u00bb header_2_letter_spacing=\u00a0\u00bb2px\u00a0\u00bb header_2_line_height=\u00a0\u00bb1.5em\u00a0\u00bb module_alignment=\u00a0\u00bbcenter\u00a0\u00bb custom_margin=\u00a0\u00bb||15px|\u00a0\u00bb animation_direction=\u00a0\u00bbleft\u00a0\u00bb global_colors_info=\u00a0\u00bb{}\u00a0\u00bb]<\/p>\n<h2><strong>PROGRAMMES DE RETRAITE TYPIQUE<\/strong><\/h2>\n<p>[\/et_pb_text][et_pb_text _builder_version=\u00a0\u00bb4.17.2&Prime; text_font=\u00a0\u00bb||||||||\u00a0\u00bb text_text_color=\u00a0\u00bb#000000&Prime; text_font_size=\u00a0\u00bb16px\u00a0\u00bb text_line_height=\u00a0\u00bb1.8em\u00a0\u00bb animation_direction=\u00a0\u00bbleft\u00a0\u00bb global_colors_info=\u00a0\u00bb{}\u00a0\u00bb]<\/p>\n<p><span>Pour un exemple des horaires du premier jour typique, <a href=\"https:\/\/www.moulindechaves.org\/wp-content\/uploads\/2022\/04\/Sample-Opening-.pdf\" rel=\"attachment wp-att-27060\">merci de cliquer ici.<\/a><\/span><\/p>\n<p><span>Pour un exemple d\u2019une journ\u00e9e typique, <a href=\"https:\/\/www.moulindechaves.org\/wp-content\/uploads\/2022\/04\/Sample-Daily.pdf\" rel=\"attachment wp-att-27058\">merci de cliquer ici.<\/a><a href=\"https:\/\/www.moulindechaves.org\/wp-content\/uploads\/2022\/04\/Sample-Daily.pdf\" rel=\"attachment wp-att-27058\"><\/a><\/span><\/p>\n<p><span>Pour un exemple d\u2019un dernier jour typique, <a href=\"https:\/\/www.moulindechaves.org\/wp-content\/uploads\/2022\/04\/Sample-Closing.pdf\" rel=\"attachment wp-att-27052\">merci de cliquer ici.<\/a><\/span><\/p>\n<p><span>Veuillez bien noter que ces horaires sont applicables pour la plupart des retraites au Moulin.<span class=\"Apple-converted-space\">\u00a0 <\/span>Si des frais d\u2019enseignements sont r\u00e9glable, merci de verifier avec l\u2019organisateur or l\u2019enseignant de la formation pour le programme de la retraite.<\/span><\/p>\n<p>[\/et_pb_text][\/et_pb_column][\/et_pb_row][\/et_pb_section][et_pb_section fb_built=\u00a0\u00bb1&Prime; custom_padding_last_edited=\u00a0\u00bbon|phone\u00a0\u00bb admin_label=\u00a0\u00bbOur Story Section\u00a0\u00bb _builder_version=\u00a0\u00bb4.23&Prime; background_color=\u00a0\u00bbrgba(0,0,0,0.07)\u00a0\u00bb vertical_offset_tablet=\u00a0\u00bb0&Prime; horizontal_offset_tablet=\u00a0\u00bb0&Prime; custom_padding=\u00a0\u00bb25px||25px||true|false\u00a0\u00bb custom_padding_tablet=\u00a0\u00bb25px||25px||true|false\u00a0\u00bb custom_padding_phone=\u00a0\u00bb0px||0px||true|false\u00a0\u00bb box_shadow_horizontal_tablet=\u00a0\u00bb0px\u00a0\u00bb box_shadow_vertical_tablet=\u00a0\u00bb0px\u00a0\u00bb box_shadow_blur_tablet=\u00a0\u00bb40px\u00a0\u00bb box_shadow_spread_tablet=\u00a0\u00bb0px\u00a0\u00bb global_colors_info=\u00a0\u00bb{}\u00a0\u00bb][et_pb_row column_structure=\u00a0\u00bb3_5,2_5&Prime; _builder_version=\u00a0\u00bb4.16&Prime; _module_preset=\u00a0\u00bbdefault\u00a0\u00bb width=\u00a0\u00bb100%\u00a0\u00bb global_colors_info=\u00a0\u00bb{}\u00a0\u00bb][et_pb_column type=\u00a0\u00bb3_5&Prime; _builder_version=\u00a0\u00bb4.16&Prime; _module_preset=\u00a0\u00bbdefault\u00a0\u00bb custom_padding_tablet=\u00a0\u00bb\u00a0\u00bb custom_padding_phone=\u00a0\u00bb|30px||30px|false|true\u00a0\u00bb custom_padding_last_edited=\u00a0\u00bbon|phone\u00a0\u00bb global_colors_info=\u00a0\u00bb{}\u00a0\u00bb][et_pb_text admin_label=\u00a0\u00bbTitle\u00a0\u00bb module_id=\u00a0\u00bbkarmayoga\u00a0\u00bb _builder_version=\u00a0\u00bb4.16&Prime; text_font=\u00a0\u00bb||||||||\u00a0\u00bb header_font=\u00a0\u00bb||||||||\u00a0\u00bb header_2_font=\u00a0\u00bbMulish||||||||\u00a0\u00bb header_2_font_size=\u00a0\u00bb23px\u00a0\u00bb header_2_letter_spacing=\u00a0\u00bb2px\u00a0\u00bb header_2_line_height=\u00a0\u00bb1.5em\u00a0\u00bb module_alignment=\u00a0\u00bbcenter\u00a0\u00bb custom_margin=\u00a0\u00bb||15px|\u00a0\u00bb animation_direction=\u00a0\u00bbleft\u00a0\u00bb global_colors_info=\u00a0\u00bb{}\u00a0\u00bb]<\/p>\n<h2><strong>KARMA YOGA &#8211; SERVICE DE DON<\/strong><\/h2>\n<p>[\/et_pb_text][et_pb_text module_id=\u00a0\u00bbkarma-yoga\u00a0\u00bb _builder_version=\u00a0\u00bb4.19.2&Prime; text_font=\u00a0\u00bb||||||||\u00a0\u00bb text_text_color=\u00a0\u00bb#000000&Prime; text_font_size=\u00a0\u00bb16px\u00a0\u00bb text_line_height=\u00a0\u00bb1.8em\u00a0\u00bb animation_direction=\u00a0\u00bbleft\u00a0\u00bb global_colors_info=\u00a0\u00bb{}\u00a0\u00bb]<\/p>\n<p>Le Moulin de Chaves est une association non lucrative. Pour chaque retraite, chacun contribue une petite heure par jour \u00e0 l\u2019entretien du Moulin. C\u2019est aussi une opportunit\u00e9 de pratiquer la pleine conscience (mindfulness) avec une t\u00e2che simple, en silence, et en collaboration avec les autres participants. Cela peut \u00eatre de la vaisselle, de l\u2019\u00e9pluchage de l\u00e9gumes, de l\u2019entretien des surfaces ou du jardinage. Nous vous remercions par avance pour ce service rendu.<\/p>\n<p>[\/et_pb_text][\/et_pb_column][et_pb_column type=\u00a0\u00bb2_5&Prime; _builder_version=\u00a0\u00bb4.16&Prime; _module_preset=\u00a0\u00bbdefault\u00a0\u00bb global_colors_info=\u00a0\u00bb{}\u00a0\u00bb][et_pb_image src=\u00a0\u00bbhttps:\/\/moulindechaves.org\/wp-content\/uploads\/2022\/01\/buddha2.jpg\u00a0\u00bb title_text=\u00a0\u00bbbuddha2&Prime; align_tablet=\u00a0\u00bbcenter\u00a0\u00bb align_phone=\u00a0\u00bb\u00a0\u00bb align_last_edited=\u00a0\u00bbon|desktop\u00a0\u00bb _builder_version=\u00a0\u00bb4.16&Prime; global_colors_info=\u00a0\u00bb{}\u00a0\u00bb][\/et_pb_image][\/et_pb_column][\/et_pb_row][\/et_pb_section][et_pb_section fb_built=\u00a0\u00bb1&Prime; custom_padding_last_edited=\u00a0\u00bbon|phone\u00a0\u00bb module_id=\u00a0\u00bbprogrammes\u00a0\u00bb _builder_version=\u00a0\u00bb4.23&Prime; _module_preset=\u00a0\u00bbdefault\u00a0\u00bb background_color=\u00a0\u00bb#FFFFFF\u00a0\u00bb custom_padding_tablet=\u00a0\u00bb\u00a0\u00bb custom_padding_phone=\u00a0\u00bb0px||0px||false|false\u00a0\u00bb global_colors_info=\u00a0\u00bb{}\u00a0\u00bb][et_pb_row column_structure=\u00a0\u00bb2_5,3_5&Prime; _builder_version=\u00a0\u00bb4.16&Prime; _module_preset=\u00a0\u00bbdefault\u00a0\u00bb width=\u00a0\u00bb100%\u00a0\u00bb global_colors_info=\u00a0\u00bb{}\u00a0\u00bb][et_pb_column type=\u00a0\u00bb2_5&Prime; _builder_version=\u00a0\u00bb4.16&Prime; _module_preset=\u00a0\u00bbdefault\u00a0\u00bb global_colors_info=\u00a0\u00bb{}\u00a0\u00bb][et_pb_image src=\u00a0\u00bbhttps:\/\/www.moulindechaves.org\/wp-content\/uploads\/2022\/02\/staying-buddha.jpg\u00a0\u00bb title_text=\u00a0\u00bbstaying-buddha\u00a0\u00bb align_tablet=\u00a0\u00bbcenter\u00a0\u00bb align_phone=\u00a0\u00bb\u00a0\u00bb align_last_edited=\u00a0\u00bbon|desktop\u00a0\u00bb _builder_version=\u00a0\u00bb4.16&Prime; global_colors_info=\u00a0\u00bb{}\u00a0\u00bb][\/et_pb_image][\/et_pb_column][et_pb_column type=\u00a0\u00bb3_5&Prime; _builder_version=\u00a0\u00bb4.16&Prime; _module_preset=\u00a0\u00bbdefault\u00a0\u00bb custom_padding_tablet=\u00a0\u00bb\u00a0\u00bb custom_padding_phone=\u00a0\u00bb|30px||30px|false|true\u00a0\u00bb custom_padding_last_edited=\u00a0\u00bbon|phone\u00a0\u00bb global_colors_info=\u00a0\u00bb{}\u00a0\u00bb][et_pb_text admin_label=\u00a0\u00bbTitle\u00a0\u00bb module_id=\u00a0\u00bbguidelines\u00a0\u00bb _builder_version=\u00a0\u00bb4.16&Prime; text_font=\u00a0\u00bb||||||||\u00a0\u00bb header_font=\u00a0\u00bb||||||||\u00a0\u00bb header_2_font=\u00a0\u00bbMulish||||||||\u00a0\u00bb header_2_font_size=\u00a0\u00bb23px\u00a0\u00bb header_2_letter_spacing=\u00a0\u00bb2px\u00a0\u00bb header_2_line_height=\u00a0\u00bb1.5em\u00a0\u00bb module_alignment=\u00a0\u00bbcenter\u00a0\u00bb custom_margin=\u00a0\u00bb||15px|\u00a0\u00bb animation_direction=\u00a0\u00bbleft\u00a0\u00bb global_colors_info=\u00a0\u00bb{}\u00a0\u00bb]<\/p>\n<h2><strong>CONSIGNES MOULIN<br \/><\/strong><\/h2>\n<p>[\/et_pb_text][et_pb_text _builder_version=\u00a0\u00bb4.16&Prime; text_font=\u00a0\u00bb||||||||\u00a0\u00bb text_text_color=\u00a0\u00bb#000000&Prime; text_font_size=\u00a0\u00bb16px\u00a0\u00bb text_line_height=\u00a0\u00bb1.8em\u00a0\u00bb animation_direction=\u00a0\u00bbleft\u00a0\u00bb global_colors_info=\u00a0\u00bb{}\u00a0\u00bb]<\/p>\n<p>Lors de votre s\u00e9jour ici avec nous, merci de respecter les lignes de conduite ci-dessous.<\/p>\n<p>[\/et_pb_text][et_pb_toggle title=\u00a0\u00bbBIENVENU.E AU MOULIN\u00a0\u00bb closed_toggle_background_color=\u00a0\u00bb#FFFFFF\u00a0\u00bb icon_color=\u00a0\u00bbrgba(0,0,0,0.27)\u00a0\u00bb module_id=\u00a0\u00bbconsignes-du-moulin\u00a0\u00bb _builder_version=\u00a0\u00bb4.27.4&Prime; _module_preset=\u00a0\u00bbdefault\u00a0\u00bb title_text_color=\u00a0\u00bb#000000&Prime; title_font=\u00a0\u00bbMulish||||||||\u00a0\u00bb body_text_color=\u00a0\u00bb#000000&Prime; border_radii=\u00a0\u00bbon|8px|8px|8px|8px\u00a0\u00bb global_colors_info=\u00a0\u00bb{}\u00a0\u00bb]<\/p>\n<p style=\"text-align: center;\"><strong>~ Bienvenu.e au Moulin ~<\/strong><\/p>\n<p>Le Moulin de Chaves cherche \u00e0 offrir un environnement, des enseignements et des pratiques qui soutiennent la Libert\u00e9 et l\u2019Eveil. Moins formelle que dans un cadre de retraites traditionnel, notre pratique consiste \u00e0 rencontrer et questionner toutes les dimensions de la vie: dans le silence et la communication, la solitude et la vie communautaire, dans la simplicit\u00e9 ainsi que dans les diff\u00e9rentes complexit\u00e9s quotidiennes. Quand on vit tous ensemble ici, on doit prendre soin de nos actions et de nos intentions; les r\u00e8gles et les r\u00e9flexions qui suivent sont voulu pour un soutien \u00e0 la s\u00e9curit\u00e9 et au confort de nous tous:<\/p>\n<p>A la base de toute pratique spirituelle, il y a le fait d\u2019avoir une approche sensible et de prendre soin de tout ce qui vie. Nous nous servons \u00e0 cet effet des cinq vertus bouddhistes, comme base: (Ne pas tuer, ne pas voler, ne pas mentir ni comm\u00e9rer, ne pas faire un usage impropre de l\u2019\u00e9nergie sexuelle, ne pas obscurcir l\u2019esprit avec des intoxicants). Ainsi, nous entreprenons ensemble d\u2019honorer toute vie ici, de respecter mutuellement l\u2019\u00eatre et la propri\u00e9t\u00e9 des autres, de prot\u00e9ger l\u2019honn\u00eatet\u00e9 et la confiance, et d\u2019\u00eatre de coeur et d\u2019esprit, aussi intimement et directement que possible, tendus vers l\u2019\u00e9veil d\u2019une authentique sagesse et compassion.<\/p>\n<p>Le calendrier quotidien est affich\u00e9 sur le panneau dans l\u2019entr\u00e9e menant \u00e0 la salle commune. On attend des visiteurs qu\u2019ils participent pleinement. Cela soutient la sinc\u00e9rit\u00e9 et l\u2019engagement de chacun d\u2019entre nous.<\/p>\n<p>Pour nous tous, notre m\u00e9ditation du travail (karma yoga) est un aspect important de la pratique du Dharma en ce lieu. Nous vous demandons d\u2019apporter les m\u00eames soins, la m\u00eame connexion et le m\u00eame int\u00e9r\u00eat \u00e0 votre travail que dans les autres aspects de la vie ici. Si vous avez des doutes ou des questions sur un aspect quelconque de la t\u00e2che qui vous est confi\u00e9e, merci de vous informer aupr\u00e8s d\u2019un membre de l\u2019\u00e9quipe des responsables.<\/p>\n<p>Les lignes de conduite affich\u00e9es sur le panneau le sont pour l\u2019harmonie et le confort de chacun d\u2019entre nous. Veuillez les lire et les suivre pleinement.<\/p>\n<p>Si vous avez des questions sur quoi que ce soit, veuillez laisser un mot au bureau ou demander \u00e0 un membre du personnel.<\/p>\n<p>Nous vous souhaitons un s\u00e9jour enrichissant et rempli de sagacit\u00e9s.<\/p>\n<p>[\/et_pb_toggle][et_pb_toggle title=\u00a0\u00bbCONSIGNES POUR LES PARTICIPANTS\u00a0\u00bb closed_toggle_background_color=\u00a0\u00bb#FFFFFF\u00a0\u00bb icon_color=\u00a0\u00bbrgba(0,0,0,0.27)\u00a0\u00bb _builder_version=\u00a0\u00bb4.27.4&Prime; _module_preset=\u00a0\u00bbdefault\u00a0\u00bb title_text_color=\u00a0\u00bb#000000&Prime; title_font=\u00a0\u00bbMulish||||||||\u00a0\u00bb body_text_color=\u00a0\u00bb#000000&Prime; border_radii=\u00a0\u00bbon|8px|8px|8px|8px\u00a0\u00bb global_colors_info=\u00a0\u00bb{}\u00a0\u00bb]<\/p>\n<div><\/div>\n<div><\/div>\n<div>\n<p>Merci de prendre quelques instants pour lire ces consignes. Elles visent \u00e0 garantir un espace paisible, respectueux et s\u00fbr pour toutes et tous.\u00a0 Si vous avez des questions, veuillez vous adresser \u00e0 une personne de l\u2019\u00e9quipe ou laisser un mot sur le tableau d\u2019affichage dans le hall d\u2019entr\u00e9e.<\/p>\n<p><strong style=\"font-size: 14px;\"><\/strong><\/p>\n<p style=\"text-align: center;\"><strong style=\"font-size: 14px;\">Le lieu et les personnes<\/strong><\/p>\n<\/div>\n<ul>\n<li><span>Respectez l\u2019intimit\u00e9 des r\u00e9sidents et du personnel ; n\u2019entrez pas dans les zones signal\u00e9es comme priv\u00e9es.\u2028\u2028<\/span><\/li>\n<li>L\u2019\u00eele est r\u00e9serv\u00e9e \u00e0 l\u2019\u00e9quipe pendant les repas.<\/li>\n<li><span>Les v\u00e9los et les bateaux ne sont pas \u00e0 disposition des h\u00f4tes.\u2028\u2028<\/span><\/li>\n<li><span>La consommation d\u2019alcool ou de drogues n\u2019est pas autoris\u00e9e pendant votre s\u00e9jour.\u2028\u2028<\/span><\/li>\n<li><span>Merci de participer pleinement au programme quotidien, en arrivant \u00e0 l\u2019heure et en restant jusqu\u2019\u00e0 la fin de chaque session.\u2028\u2028<\/span><\/li>\n<li><span>Ne portez pas de chaussures d\u2019ext\u00e9rieur \u00e0 partir de l\u2019escalier dans la maison principale, ni dans les salles de m\u00e9ditation. Apportez des chaussons.\u2028\u2028<\/span><\/li>\n<li><span>Aucun feu n\u2019est autoris\u00e9 sur la propri\u00e9t\u00e9. Bougies et encens sont permis uniquement\u00a0 dans le Metta Mandir.<\/span><\/li>\n<\/ul>\n<div style=\"text-align: center;\"><strong>Espaces partag\u00e9s<\/strong><\/div>\n<ul>\n<li><span>Le Wi-Fi est r\u00e9serv\u00e9 aux besoins essentiels (par exemple : r\u00e9server un trajet de retour).\u2028\u2028<\/span><\/li>\n<li><span>Un ordinateur est accessible pendant le d\u00e9jeuner, dans le bureau \u00e0 l\u2019\u00e9tage.\u2028\u2028<\/span><\/li>\n<li><span>Gardez la biblioth\u00e8que du premier \u00e9tage en ordre, en remettant les livres \u00e0 leur place selon les points de couleur. Ne pas emporter de livres \u00e0 l\u2019ext\u00e9rieur.\u2028\u2028<\/span><\/li>\n<li><span>L\u2019acc\u00e8s \u00e0 la cuisine n\u2019est pas autoris\u00e9 aux h\u00f4tes, sauf en cas de travail pr\u00e9vu. Ne vous y servez pas de nourriture.\u2028\u2028<\/span><\/li>\n<li><span>Soyez \u00e0 l\u2019heure pour les repas. Rincez vos assiettes dans les bassines pr\u00e9vues. Essayez de terminer dans les 45 minutes.\u2028\u2028<\/span><\/li>\n<li><span>Contribuez \u00e0 la propret\u00e9 des toilettes, salles de bain et espaces partag\u00e9s. Produits disponibles. Enlevez l\u2019eau dans les douches et sur les vitres apr\u00e8s usage. \u2028\u2028<\/span><\/li>\n<li><span>N\u2019allez pas dans les espaces communs pendant les temps de nettoyage (karma yoga\/p\u00e9riode de travail).\u2028\u2028<\/span><\/li>\n<li><span>Triez les d\u00e9chets : bacs jaunes pour le recyclage, gris pour le reste.<\/span><\/li>\n<\/ul>\n<div style=\"text-align: center;\"><strong>Silence et h\u00e9bergement<\/strong><\/div>\n<ul>\n<li><span>Respectez toujours le silence dans les espaces de couchage.\u2028\u2028<\/span><\/li>\n<li><span>\u00c9teignez les lumi\u00e8res avant 23h00 si vous partagez une chambre.\u2028\u2028<\/span><\/li>\n<li><span>Marchez doucement aux 2e et 3e \u00e9tages : les planchers en bois font facilement du bruit et isolent peu des sons.\u2028\u2028<\/span><\/li>\n<li><span>Si les douches principales sont occup\u00e9es, utilisez celles du bloc sanitaire au rez-de-chauss\u00e9e (3 douches et 4 toilettes).\u2028\u2028<\/span><\/li>\n<li><span>Apr\u00e8s 22h30, \u00e9vitez d\u2019utiliser les douches ou de tirer la chasse d\u2019eau, sauf si n\u00e9cessaire.\u2028\u2028<\/span><\/li>\n<li><span>Pour les s\u00e9jours de plus d\u2019une semaine, vous pouvez utiliser la machine \u00e0 laver au 2e \u00e9tage (3\u202f\u20ac par lavage).\u2028\u2028<\/span><\/li>\n<li><span>Ne gardez pas de nourriture dans les chambres : cela attire souris et insectes.\u2028\u2028<\/span><\/li>\n<li><span>Priya, la chatte, n\u2019est pas autoris\u00e9e dans la maison principale ni dans les chambres. Merci de ne pas la laisser entrer.<\/span><\/li>\n<\/ul>\n<div style=\"text-align: center;\"><strong>Baignade<\/strong><\/div>\n<ul>\n<li><span>La baignade se fait \u00e0 vos risques. Pr\u00e9venez quelqu\u2019un avant d\u2019entrer dans la rivi\u00e8re.\u2028\u2028<\/span><\/li>\n<li><span>Ne nagez que pendant les temps libres.\u2028\u2028<\/span><\/li>\n<li><span>Ne vous d\u00e9placez pas en maillot de bain. Couvrez-vous entre la rivi\u00e8re et le bloc sanitaire ou votre chambre.\u2028\u2028<\/span><\/li>\n<li><span>Faites s\u00e9cher vos serviettes et maillots de bain sur les fils \u00e0 linge apr\u00e8s le parking, pas dans ou autour de la maison.<\/span><\/li>\n<\/ul>\n<div style=\"text-align: center;\"><strong>Tabac<\/strong><\/div>\n<ul>\n<li><span>Fumer est uniquement autoris\u00e9 dans les zones pr\u00e9vues :\u2028\u2028<\/span><\/li>\n<li><span>Pr\u00e8s du portail d\u2019entr\u00e9e, \u00e0 c\u00f4t\u00e9 du Bouddha blanc\u2028\u2028<\/span><\/li>\n<li><span>\u00c0 l\u2019ext\u00e9rieur du centre\u2028\u2028<\/span><\/li>\n<li><span>Jetez vos m\u00e9gots dans le pot pr\u00e9vu \u00e0 cet effet.\u2028\u2028<\/span><\/li>\n<\/ul>\n<div><\/div>\n<div style=\"text-align: center;\"><strong>S\u00e9curit\u00e9 et urgences<\/strong><\/div>\n<ul>\n<li><span>Une trousse de premiers secours se trouve dans le bloc sanitaire (rez-de-chauss\u00e9e).\u2028\u2028<\/span><\/li>\n<li><span>Num\u00e9ros d\u2019urgence : SAMU \/ Pompiers : 15 Police : 17\u2028\u2028<\/span><\/li>\n<li><span>Une infirmi\u00e8re et une pharmacie sont disponibles dans le village.\u2028\u2028<\/span><\/li>\n<li><span>Consultez la fiche Sant\u00e9 et Bien-\u00eatre dans votre classeur pour plus de d\u00e9tails.\u2028\u2028<\/span><\/li>\n<\/ul>\n<div>Merci de contribuer \u00e0 un environnement respectueux et bienveillant.\u2028 Nous vous souhaitons un s\u00e9jour paisible et b\u00e9n\u00e9fique.<\/div>\n<p>[\/et_pb_toggle][et_pb_toggle title=\u00a0\u00bbCHARTE VSS DU MOULIN (Charte de pr\u00e9vention et de lutte contre les violences sexistes et sexuelles)\u00a0\u00bb closed_toggle_background_color=\u00a0\u00bb#FFFFFF\u00a0\u00bb icon_color=\u00a0\u00bbrgba(0,0,0,0.27)\u00a0\u00bb module_id=\u00a0\u00bbcharte-vss-moulin\u00a0\u00bb _builder_version=\u00a0\u00bb4.27.4&Prime; _module_preset=\u00a0\u00bbdefault\u00a0\u00bb title_text_color=\u00a0\u00bb#000000&Prime; title_font=\u00a0\u00bbMulish||||||||\u00a0\u00bb body_text_color=\u00a0\u00bb#000000&Prime; border_radii=\u00a0\u00bbon|8px|8px|8px|8px\u00a0\u00bb global_colors_info=\u00a0\u00bb{}\u00a0\u00bb]<\/p>\n<div><\/div>\n<div><\/div>\n<div><\/div>\n<div>\n<p>1.<b> Pr\u00e9ambule<\/b><\/p>\n<p><b><\/b><span style=\"font-weight: 400;\"> L\u2019Association Moulin de Chaves s\u2019engage \u00e0 garantir un environnement respectueux et s\u00e9curis\u00e9 pour tous les participants, enseignants, employ\u00e9s, b\u00e9n\u00e9voles et partenaires de ses retraites de m\u00e9ditation.<\/span><\/p>\n<p><span style=\"font-weight: 400;\"><\/span><span style=\"font-weight: 400;\"> Cette charte vise \u00e0 pr\u00e9venir, identifier et traiter toute forme de violences sexistes et sexuelles (VSS), en veillant \u00e0 la protection des victimes et \u00e0 la responsabilisation des intervenants.<\/span><\/p>\n<p><span style=\"font-weight: 400;\"><\/span><span style=\"font-weight: 400;\"> Cette charte sera sign\u00e9e par les enseignants intervenant dans le cadre des retraites ainsi que par toute personne de l\u2019\u00e9quipe et tout celleux qui travaillent, r\u00e9mun\u00e9r\u00e9e ou b\u00e9n\u00e9vole, en liaison avec les activit\u00e9s de l\u2019association.<\/span><\/p>\n<p><b>2. Principes fondamentaux<\/b><\/p>\n<ol>\n<li><b>Respect et dignit\u00e9<\/b><span style=\"font-weight: 400;\"> : Toute personne doit \u00eatre trait\u00e9e avec respect, ind\u00e9pendamment de son genre, de son orientation sexuelle, de son origine ou de toute autre caract\u00e9ristique personnelle<\/span><span style=\"font-weight: 400;\"><\/span><\/li>\n<li><b>Non-tol\u00e9rance des VSS<\/b><span style=\"font-weight: 400;\"> : Aucune forme de harc\u00e8lement, agression ou comportement inappropri\u00e9 ne sera tol\u00e9r\u00e9e au sein des \u00e9v\u00e9nements au Moulin<\/span><\/li>\n<li><b>Responsabilit\u00e9 collective<\/b><span style=\"font-weight: 400;\"> : Tous les signataires de cette charte ont un devoir de vigilance et d\u2019action en cas de situation pr\u00e9occupante<\/span><span style=\"font-weight: 400;\"><\/span><\/li>\n<li><b>Droit \u00e0 la parole et protection des victimes<\/b><span style=\"font-weight: 400;\"><span style=\"font-weight: 400;\"> : Toute personne victime ou t\u00e9moin d\u2019une VSS doit \u00eatre encourag\u00e9e \u00e0 parler sans crainte de repr\u00e9sailles<\/span><\/span><\/li>\n<\/ol>\n<p><b><\/b><b><\/b><b>3. Engagements des enseignants<\/b><\/p>\n<ul>\n<li style=\"font-weight: 400;\" aria-level=\"1\"><span style=\"font-weight: 400;\">Veiller \u00e0 adopter un comportement exemplaire en toutes circonstances<\/span><span style=\"font-weight: 400;\"><\/span><\/li>\n<li style=\"font-weight: 400;\" aria-level=\"1\"><span style=\"font-weight: 400;\">S\u2019abstenir de tout propos, attitude ou contact physique pouvant \u00eatre per\u00e7us comme d\u00e9plac\u00e9s ou inappropri\u00e9s<\/span><span style=\"font-weight: 400;\"><\/span><\/li>\n<li style=\"font-weight: 400;\" aria-level=\"1\"><span style=\"font-weight: 400;\">\u00c9viter toute relation de nature intime avec les participants pendant la dur\u00e9e de la retraite<\/span><span style=\"font-weight: 400;\"><\/span><\/li>\n<li style=\"font-weight: 400;\" aria-level=\"1\"><span style=\"font-weight: 400;\">Signaler tout incident ou comportement inappropri\u00e9 aux r\u00e9f\u00e9rents VSS de l\u2019association<\/span><span style=\"font-weight: 400;\"><\/span><\/li>\n<\/ul>\n<ol start=\"4\">\n<li><b> Proc\u00e9dure de signalement<\/b><\/li>\n<\/ol>\n<ul>\n<li style=\"font-weight: 400;\" aria-level=\"1\"><span style=\"font-weight: 400;\">Tout incident doit \u00eatre rapport\u00e9 sans d\u00e9lai au r\u00e9f\u00e9rent VSS du Moulin<\/span><span style=\"font-weight: 400;\"><\/span><\/li>\n<li style=\"font-weight: 400;\" aria-level=\"1\"><span style=\"font-weight: 400;\">Une enqu\u00eate interne pourra \u00eatre men\u00e9e pour \u00e9valuer la situation et prendre les mesures n\u00e9cessaires<\/span><span style=\"font-weight: 400;\"><\/span><\/li>\n<li style=\"font-weight: 400;\" aria-level=\"1\"><span style=\"font-weight: 400;\">En cas de fait grave, les autorit\u00e9s comp\u00e9tentes pourront \u00eatre saisies<\/span><span style=\"font-weight: 400;\"><\/span><\/li>\n<\/ul>\n<ol start=\"5\">\n<li><b> Sanctions<\/b><\/li>\n<\/ol>\n<p><span style=\"font-weight: 400;\">Toute violation de cette charte pourra entra\u00eener :<\/span><\/p>\n<ul>\n<li style=\"font-weight: 400;\" aria-level=\"1\"><span style=\"font-weight: 400;\">Un avertissement formel<\/span><span style=\"font-weight: 400;\"><\/span><\/li>\n<li style=\"font-weight: 400;\" aria-level=\"1\"><span style=\"font-weight: 400;\">Un signalement aux autorit\u00e9s comp\u00e9tentes si n\u00e9cessaire<\/span><\/li>\n<\/ul>\n<p><span style=\"font-weight: 400;\"><span style=\"font-weight: 400;\">\u00a0<\/span><\/span><span style=\"font-weight: 400;\">Pour plus de d\u00e9tails, consultez le site officiel : <\/span><a href=\"https:\/\/arretonslesviolences.gouv.fr\/\"><b>Arr\u00eatons les violences<\/b><\/a><\/p>\n<p><span style=\"font-weight: 400;\"><\/span><span style=\"font-weight: 400;\"><\/span><span style=\"font-weight: 400;\"><\/span><\/p>\n<p>&nbsp;<\/p>\n<ul><\/ul>\n<p>&nbsp;<\/p>\n<\/div>\n<p>[\/et_pb_toggle][\/et_pb_column][\/et_pb_row][\/et_pb_section][et_pb_section fb_built=\u00a0\u00bb1&Prime; custom_padding_last_edited=\u00a0\u00bbon|phone\u00a0\u00bb admin_label=\u00a0\u00bbOur Story Section\u00a0\u00bb _builder_version=\u00a0\u00bb4.23&Prime; background_color=\u00a0\u00bbrgba(0,0,0,0.07)\u00a0\u00bb vertical_offset_tablet=\u00a0\u00bb0&Prime; horizontal_offset_tablet=\u00a0\u00bb0&Prime; custom_padding=\u00a0\u00bb25px||25px||true|false\u00a0\u00bb custom_padding_tablet=\u00a0\u00bb25px||25px||true|false\u00a0\u00bb custom_padding_phone=\u00a0\u00bb0px||0px||true|false\u00a0\u00bb box_shadow_horizontal_tablet=\u00a0\u00bb0px\u00a0\u00bb box_shadow_vertical_tablet=\u00a0\u00bb0px\u00a0\u00bb box_shadow_blur_tablet=\u00a0\u00bb40px\u00a0\u00bb box_shadow_spread_tablet=\u00a0\u00bb0px\u00a0\u00bb global_colors_info=\u00a0\u00bb{}\u00a0\u00bb][et_pb_row column_structure=\u00a0\u00bb3_5,2_5&Prime; _builder_version=\u00a0\u00bb4.16&Prime; _module_preset=\u00a0\u00bbdefault\u00a0\u00bb width=\u00a0\u00bb100%\u00a0\u00bb global_colors_info=\u00a0\u00bb{}\u00a0\u00bb][et_pb_column type=\u00a0\u00bb3_5&Prime; _builder_version=\u00a0\u00bb4.16&Prime; _module_preset=\u00a0\u00bbdefault\u00a0\u00bb custom_padding_tablet=\u00a0\u00bb\u00a0\u00bb custom_padding_phone=\u00a0\u00bb|30px||30px|false|true\u00a0\u00bb custom_padding_last_edited=\u00a0\u00bbon|phone\u00a0\u00bb global_colors_info=\u00a0\u00bb{}\u00a0\u00bb][et_pb_text admin_label=\u00a0\u00bbTitle\u00a0\u00bb module_id=\u00a0\u00bbmembership\u00a0\u00bb _builder_version=\u00a0\u00bb4.16&Prime; text_font=\u00a0\u00bb||||||||\u00a0\u00bb header_font=\u00a0\u00bb||||||||\u00a0\u00bb header_2_font=\u00a0\u00bbMulish||||||||\u00a0\u00bb header_2_font_size=\u00a0\u00bb23px\u00a0\u00bb header_2_letter_spacing=\u00a0\u00bb2px\u00a0\u00bb header_2_line_height=\u00a0\u00bb1.5em\u00a0\u00bb module_alignment=\u00a0\u00bbcenter\u00a0\u00bb custom_margin=\u00a0\u00bb||15px|\u00a0\u00bb animation_direction=\u00a0\u00bbleft\u00a0\u00bb global_colors_info=\u00a0\u00bb{}\u00a0\u00bb]<\/p>\n<h2><strong>ADH\u00c9SION<\/strong><\/h2>\n<p>[\/et_pb_text][et_pb_text _builder_version=\u00a0\u00bb4.16&Prime; text_font=\u00a0\u00bb||||||||\u00a0\u00bb text_text_color=\u00a0\u00bb#000000&Prime; text_font_size=\u00a0\u00bb16px\u00a0\u00bb text_line_height=\u00a0\u00bb1.8em\u00a0\u00bb animation_direction=\u00a0\u00bbleft\u00a0\u00bb global_colors_info=\u00a0\u00bb{}\u00a0\u00bb]<\/p>\n<p>Le Moulin de Chaves est reconnu comme une association fran\u00e7aise \u00e0 but non lucratif (loi 1901). Afin de maintenir ce statut, toutes les activit\u00e9s sont offertes comme un service par les membres de l\u2019association. La souscription annuelle est de 10 euros, ce qui nous permet d\u2019offrir des \u00e9v\u00e9nements au Moulin pour un moindre co\u00fbt.<\/p>\n<p>En devenant membre de l&rsquo;Association Moulin de Chaves, vous \u00eates automatiquement inscrit \u00e0 notre newsletter. Si vous ne souhaitez pas les recevoir, vous pouvez vous d\u00e9sabonner.<\/p>\n<p>[\/et_pb_text][\/et_pb_column][et_pb_column type=\u00a0\u00bb2_5&Prime; _builder_version=\u00a0\u00bb4.16&Prime; _module_preset=\u00a0\u00bbdefault\u00a0\u00bb global_colors_info=\u00a0\u00bb{}\u00a0\u00bb][et_pb_image src=\u00a0\u00bbhttps:\/\/moulindechaves.org\/wp-content\/uploads\/2021\/12\/moulinlogo.png\u00a0\u00bb title_text=\u00a0\u00bbmoulinlogo\u00a0\u00bb align_tablet=\u00a0\u00bbcenter\u00a0\u00bb align_phone=\u00a0\u00bb\u00a0\u00bb align_last_edited=\u00a0\u00bbon|desktop\u00a0\u00bb _builder_version=\u00a0\u00bb4.16&Prime; custom_padding=\u00a0\u00bb40px||||false|false\u00a0\u00bb custom_padding_tablet=\u00a0\u00bb40px||||false|false\u00a0\u00bb custom_padding_phone=\u00a0\u00bb0px||||false|false\u00a0\u00bb custom_padding_last_edited=\u00a0\u00bbon|phone\u00a0\u00bb global_colors_info=\u00a0\u00bb{}\u00a0\u00bb][\/et_pb_image][\/et_pb_column][\/et_pb_row][\/et_pb_section][et_pb_section fb_built=\u00a0\u00bb1&Prime; custom_padding_last_edited=\u00a0\u00bbon|phone\u00a0\u00bb module_id=\u00a0\u00bbprogrammes\u00a0\u00bb _builder_version=\u00a0\u00bb4.23&Prime; _module_preset=\u00a0\u00bbdefault\u00a0\u00bb background_color=\u00a0\u00bb#FFFFFF\u00a0\u00bb custom_padding_tablet=\u00a0\u00bb\u00a0\u00bb custom_padding_phone=\u00a0\u00bb0px||0px||false|false\u00a0\u00bb global_colors_info=\u00a0\u00bb{}\u00a0\u00bb][et_pb_row column_structure=\u00a0\u00bb2_5,3_5&Prime; _builder_version=\u00a0\u00bb4.16&Prime; _module_preset=\u00a0\u00bbdefault\u00a0\u00bb width=\u00a0\u00bb100%\u00a0\u00bb global_colors_info=\u00a0\u00bb{}\u00a0\u00bb][et_pb_column type=\u00a0\u00bb2_5&Prime; _builder_version=\u00a0\u00bb4.16&Prime; _module_preset=\u00a0\u00bbdefault\u00a0\u00bb global_colors_info=\u00a0\u00bb{}\u00a0\u00bb][et_pb_image src=\u00a0\u00bbhttps:\/\/moulindechaves.org\/wp-content\/uploads\/2022\/01\/riverbridge.jpg\u00a0\u00bb title_text=\u00a0\u00bbriverbridge\u00a0\u00bb align_tablet=\u00a0\u00bbcenter\u00a0\u00bb align_phone=\u00a0\u00bb\u00a0\u00bb align_last_edited=\u00a0\u00bbon|desktop\u00a0\u00bb _builder_version=\u00a0\u00bb4.16&Prime; global_colors_info=\u00a0\u00bb{}\u00a0\u00bb][\/et_pb_image][\/et_pb_column][et_pb_column type=\u00a0\u00bb3_5&Prime; _builder_version=\u00a0\u00bb4.16&Prime; _module_preset=\u00a0\u00bbdefault\u00a0\u00bb custom_padding_tablet=\u00a0\u00bb\u00a0\u00bb custom_padding_phone=\u00a0\u00bb|30px||30px|false|true\u00a0\u00bb custom_padding_last_edited=\u00a0\u00bbon|phone\u00a0\u00bb global_colors_info=\u00a0\u00bb{}\u00a0\u00bb][et_pb_text admin_label=\u00a0\u00bbTitle\u00a0\u00bb module_id=\u00a0\u00bbtravel\u00a0\u00bb _builder_version=\u00a0\u00bb4.16&Prime; text_font=\u00a0\u00bb||||||||\u00a0\u00bb header_font=\u00a0\u00bb||||||||\u00a0\u00bb header_2_font=\u00a0\u00bbMulish||||||||\u00a0\u00bb header_2_font_size=\u00a0\u00bb23px\u00a0\u00bb header_2_letter_spacing=\u00a0\u00bb2px\u00a0\u00bb header_2_line_height=\u00a0\u00bb1.5em\u00a0\u00bb module_alignment=\u00a0\u00bbcenter\u00a0\u00bb custom_margin=\u00a0\u00bb||15px|\u00a0\u00bb animation_direction=\u00a0\u00bbleft\u00a0\u00bb global_colors_info=\u00a0\u00bb{}\u00a0\u00bb]<\/p>\n<h2><strong>INFORMATION \u00c0 PROPOS DU VOYAGE<\/strong><\/h2>\n<p>[\/et_pb_text][et_pb_text _builder_version=\u00a0\u00bb4.16&Prime; text_font=\u00a0\u00bb||||||||\u00a0\u00bb text_text_color=\u00a0\u00bb#000000&Prime; text_font_size=\u00a0\u00bb16px\u00a0\u00bb text_line_height=\u00a0\u00bb1.8em\u00a0\u00bb animation_direction=\u00a0\u00bbleft\u00a0\u00bb global_colors_info=\u00a0\u00bb{}\u00a0\u00bb]<\/p>\n<p>Merci de lire notre <strong><a href=\"https:\/\/www.moulindechaves.org\/fr\/arriver-au-moulin\/\" target=\"_blank\" rel=\"noopener\">page sur les informations pratiques pour se rendre au Moulin<\/a><\/strong>.<\/p>\n<p>[\/et_pb_text][\/et_pb_column][\/et_pb_row][\/et_pb_section]<\/p>\n","protected":false},"excerpt":{"rendered":"<p>Descendez ou cliquez sur les liens ci-dessous pour en savoir plus sur votre s\u00e9jourHEBERGEMENT REPAS CE QUE NOUS FOURNISSONS CE QUE VOUS DEVEZ AMENER ARRIV\u00c9ES ET D\u00c9PARTS PROGRAMMES DE RETRAITE TYPIQUE KARMA YOGA CONSIGNES MOULIN ADH\u00c9SION INFORMATION \u00c0 PROPOS DU VOYAGE HEBERGEMENT Le Moulin offre plusieurs types d\u2019h\u00e9bergements. Les chambres peuvent \u00eatre individuelles ou partag\u00e9es. [&hellip;]<\/p>\n","protected":false},"author":6,"featured_media":0,"parent":0,"menu_order":0,"comment_status":"closed","ping_status":"closed","template":"","meta":{"_et_pb_use_builder":"on","_et_pb_old_content":"","_et_gb_content_width":"","_monsterinsights_skip_tracking":false,"_monsterinsights_sitenote_active":false,"_monsterinsights_sitenote_note":"","_monsterinsights_sitenote_category":0,"footnotes":""},"class_list":["post-26389","page","type-page","status-publish","hentry"],"jetpack_sharing_enabled":true,"_links":{"self":[{"href":"https:\/\/www.moulindechaves.org\/fr\/wp-json\/wp\/v2\/pages\/26389","targetHints":{"allow":["GET"]}}],"collection":[{"href":"https:\/\/www.moulindechaves.org\/fr\/wp-json\/wp\/v2\/pages"}],"about":[{"href":"https:\/\/www.moulindechaves.org\/fr\/wp-json\/wp\/v2\/types\/page"}],"author":[{"embeddable":true,"href":"https:\/\/www.moulindechaves.org\/fr\/wp-json\/wp\/v2\/users\/6"}],"replies":[{"embeddable":true,"href":"https:\/\/www.moulindechaves.org\/fr\/wp-json\/wp\/v2\/comments?post=26389"}],"version-history":[{"count":73,"href":"https:\/\/www.moulindechaves.org\/fr\/wp-json\/wp\/v2\/pages\/26389\/revisions"}],"predecessor-version":[{"id":28683,"href":"https:\/\/www.moulindechaves.org\/fr\/wp-json\/wp\/v2\/pages\/26389\/revisions\/28683"}],"wp:attachment":[{"href":"https:\/\/www.moulindechaves.org\/fr\/wp-json\/wp\/v2\/media?parent=26389"}],"curies":[{"name":"wp","href":"https:\/\/api.w.org\/{rel}","templated":true}]}}